{"version":"1.0","provider_name":"Legy\u00e9l boldog minden nap!","provider_url":"https:\/\/legyelboldog.cafeblog.hu","author_name":"Mosolyg\u00f3-Marj\u00e1n Erzs\u00e9bet","author_url":"https:\/\/legyelboldog.cafeblog.hu\/author\/marjan-erzsebetgmail-com\/","title":"H\u00e9tk\u00f6znapi m\u00e9rgeink","html":"<p>N\u00e9h\u00e1ny nappal ezel\u0151tt megosztottam Veletek a Legy\u00e9l boldog Facebook oldalamon egy el\u0151ad\u00e1st, melyben Antal Vali mes\u00e9lt a k\u00f6rnyezet\u00fcnkben l\u00e9v\u0151 m\u00e9reganyagokr\u00f3l, melyekkel nap mint nap tal\u00e1lkozunk. Ennek az <a href=\"https:\/\/www.facebook.com\/marjan.erzsebet\/posts\/1233390456802417\">el\u0151ad\u00e1snak<\/a> a gondolatait \u00edrtam most le Nektek, h\u00e1tha \u00edgy jobban visszakereshet\u0151 sz\u00e1motokra.<\/p>\r\n<p>MIT NEVEZ\u00dcNK M\u00c9REGNEK?<\/p>\r\n<p>Pl. a bossz\u00fas\u00e1g, vagy ami a mes\u00e9ben is van, hogy bevessz\u00fck \u00e9s meghalunk t\u0151le.<\/p>\r\n<p><img class=\"alignnone size-medium wp-image-406 aligncenter\" src=\"https:\/\/legyelboldog.cafeblog.hu\/files\/2018\/06\/toxic-1024x724-300x212.jpg\" alt=\"\" width=\"300\" height=\"212\" \/><\/p>\r\n<p>Viszont sokan nem gondolnak arra, hogy rengeteg olyan m\u00e9reg is k\u00f6r\u00fclvesz minket, ami semmif\u00e9le probl\u00e9m\u00e1t nem okoz, csak hossz\u00fa t\u00e1von megbeteg\u00edt. Val\u00f3j\u00e1ban nem a m\u00e9regbe fogunk belehalni, hanem annak a hossz\u00fa t\u00e1v\u00fa alkalmaz\u00e1sa ut\u00e1n keletkez\u0151 betegs\u00e9gbe.<\/p>\r\n<p>Nem gondolunk bele, hogy mennyi m\u00e9reg vesz k\u00f6r\u00fcl benn\u00fcnket nap mint nap. Ezek r\u00e1ad\u00e1sul olyan m\u00e9rgek, melyek elker\u00fclhet\u0151ek lenn\u00e9nek, csak rajtunk m\u00falik, hogy alkalmazzuk-e \u0151ket, vagy sem.\u00a0 Viszont eg\u00e9szen addig, m\u00edg nem tudunk r\u00f3luk, hogy potenci\u00e1lis probl\u00e9m\u00e1t okozhatna, addig nem tudjuk elker\u00fclni sem \u0151ket.<\/p>\r\n<p>Ilyen m\u00e9reg a<\/p>\r\n<ul>\r\n<li>cigaretta,<\/li>\r\n<li>az alkohol,<\/li>\r\n<li>a k\u00e1b\u00edt\u00f3szer.<\/li>\r\n<\/ul>\r\n<p>Viszont a vezet\u0151 hal\u00e1lokokban ez a h\u00e1rom nincs benne az els\u0151 sz\u00e1zban. Akkor mi lehet az els\u0151 100?<\/p>\r\n<p>Ha m\u00e1r a cigarett\u00e1n\u00e1l tartunk, mindenki tudja, hogy az \u00f6sszes cigarett\u00e1s dobozon felh\u00edvj\u00e1k a figyelm\u00fcnket arra, hogy milyen komoly probl\u00e9m\u00e1kat okozhat a cigarett\u00e1z\u00e1s.<\/p>\r\n<p>\u00dagy gondolom, ez egy teljesen korrekt \u00fczleti magatart\u00e1s, ugyanis ha \u00e9n olyan term\u00e9ket \u00e1rulok, melynek tudom, hogy hossz\u00fa t\u00e1v\u00fa, folyamatos alkalmaz\u00e1sa eg\u00e9szs\u00e9g\u00fcgyi kock\u00e1zatot rejt mag\u00e1ban, \u00e9s \u00e9n r\u00e1\u00edrom a term\u00e9k doboz\u00e1ra, abban az esetben a vev\u0151 eld\u00f6ntheti, hogy v\u00e1llalja-e a kock\u00e1zatot vagy sem.<\/p>\r\n<p>K\u00e9rd\u00e9s, hogy az \u00f6sszes olyan term\u00e9kre, mely ilyen eg\u00e9szs\u00e9g\u00fcgyi kock\u00e1zatot rejt, mi\u00e9rt nem teszik r\u00e1 a figyelemfelkelt\u0151 c\u00edmk\u00e9ket? Azokra, amik benne vannak az els\u0151 sz\u00e1zban \u00e9s val\u00f3ban probl\u00e9m\u00e1t okozhatnak.<\/p>\r\n<p>Ki l\u00e1tott pl. m\u00e1r olyan borotvahabot, melyre r\u00e1 van \u00edrva, hogy \u201eA borotvahab hossz\u00fa t\u00e1v\u00fa haszn\u00e1lata impotenci\u00e1t okoz\u201d? M\u00edg cigarett\u00e1t 25-30 \u00e9vig kell sz\u00edvnunk ahhoz, hogy impotenci\u00e1t okozzon, esetenk\u00e9nt egy flakon borotvahab elhaszn\u00e1l\u00e1sa juttat be annyi m\u0171hormont a szervezet\u00fcnkbe, vagy olyan anyagot, ami k\u00e9pes hormonszer\u0171 viselked\u00e9sre a szervezet\u00fcnkben, mely egy flakon elhaszn\u00e1l\u00e1sa ut\u00e1n impotenci\u00e1t okoz. Erre mi\u00e9rt nem \u00edrt\u00e1k r\u00e1 a figyelemfelkelt\u0151 sz\u00f6veget?<\/p>\r\n<p>Olvastunk-e babahint\u0151poron olyan feliratot, hogy \u201eA babahint\u0151por t\u00fcd\u0151r\u00e1kot okozhat\u201d? A babahint\u0151porok 99%-a egy olyan anyagb\u00f3l k\u00e9sz\u00fcl, mely konkr\u00e9tan a t\u00fcd\u0151r\u00e1k okoz\u00f3ja. A por\u00e1rtalmat \u00fagy h\u00edvj\u00e1k, hogy szilik\u00f3zis. A p\u00fadereknek \u00e9s hint\u0151poroknak a 99%-a olyan anyagb\u00f3l van, melyr\u0151l ezt a szilik\u00f3zist elnevezt\u00e9k. \u00dagy is szokt\u00e1k h\u00edvni, hogy sylicea. Ahogy hint\u0151porozzuk a bab\u00e1t, \u00f3hatatlanul be fogja l\u00e9legezni.<\/p>\r\n<p>Van egy olyan vegy\u00fclet, a Sodyum Lauryl Sulfate, aminek ha a biztons\u00e1gi adatlapj\u00e1t elolvassuk, l\u00e1tjuk, hogy b\u0151rre ker\u00fcl\u00e9s eset\u00e9n azonnal k\u00f3rh\u00e1zba kell menni, vagy nagyon-nagyon b\u0151 v\u00edzzel le kell mosni, szembe ker\u00fclve pedig vaks\u00e1got okozhat, lenyel\u00e9se komoly toxikus t\u00fcneteket okozhat. Antal Vali 2 \u00e9vig j\u00e1rta a drog\u00e9ri\u00e1kat, hogy v\u00e9gign\u00e9zze, egyetlen egy habz\u00f3 kozmetikumot sem tal\u00e1lt, amiben ne lett volna benne (pl. fogkr\u00e9m, sampon). Egyetlen egyre sem volt r\u00e1\u00edrva figyelmeztet\u00e9s.<\/p>\r\n<p>Melyik a korrektebb magatart\u00e1s, amit a cigarettagy\u00e1rt\u00f3k, vagy amit a kozmetikai c\u00e9gek csin\u00e1lnak?<\/p>\r\n<p>A legt\u00f6bb ember \u00fagy gondolja, biztosan nem tenn\u00e9k bele a kozmetikumokba, ha az val\u00f3ban olyan k\u00e1ros lenne.<\/p>\r\n<p>Most j\u00f6jj\u00f6n egy kis t\u00f6rt\u00e9nelmi \u00e1ttekint\u00e9s:<\/p>\r\n<p>A Pittsburgi egyetem kutat\u00e1sai 1969-ben bebizony\u00edtott\u00e1k, hogy a b\u0151r\u00f6n \u00e1t k\u00e9tszer annyi k\u00e1ros anyag tud felsz\u00edv\u00f3dni, mint az em\u00e9szt\u0151rendszer\u00fcnk\u00f6n kereszt\u00fcl. 1969-ben m\u00e1r tudt\u00e1k, hogy nagyon nem mindegy, mit ken\u00fcnk a b\u0151r\u00fcnkre, mert sokkal t\u00f6bb k\u00e1ros anyag k\u00e9pes onnan felsz\u00edv\u00f3dni. Ennek az oka, hogy a teremt\u00e9skor a Mindenhat\u00f3 nem gondolt arra, hogy az ember majd valamit a b\u0151r\u00e9re fog kenni, mert mindenhol ell\u00e1tott benn\u00fcnket, ahol ny\u00edl\u00e1s van. Ha valamit lenyel\u00fcnk, v\u00e9gig egy komoly v\u00e9delmi rendszer van az em\u00e9szt\u0151rendszer\u00fcnkben a gyomorsavon \u00e1t a b\u00e9lbakt\u00e9riumokig. Minden arra szolg\u00e1l, hogy megv\u00e9djen benn\u00fcnket a k\u00e1ros anyagokt\u00f3l. Ez\u00e9rt van h\u00fcvelyfl\u00f3r\u00e1nk is.<\/p>\r\n<p>A b\u0151r\u00fcnk\u00f6n sokkal kisebb ez a fajta v\u00e9delem, mint a t\u00e1pcsatorn\u00e1ban van.<\/p>\r\n<p>Samuel Epson professzor, aki a R\u00e1kmegel\u0151z\u0151 Liga eln\u00f6ke, a kutat\u00e1s sor\u00e1n azt a kijelent\u00e9st tette: \u201eAkkor kozmetikumainkat vesz\u00e9lytelenebb lenne lenyelni, mint magunkra kenni.\u201d.<\/p>\r\n<p>2006-ban egy anyuka seg\u00edts\u00e9g\u00e9rt fordult Valihoz \u00e9s elk\u00fcldte egy f\u00fcrd\u0151goly\u00f3 pap\u00edrj\u00e1t, hogy n\u00e9zze meg, nincs-e benne valami vesz\u00e9lyes dolog, mert a kisgyermeke lenyelte. Azt v\u00e1laszoltam, hogy \u00f6r\u00fclj\u00f6n neki, hogy megette \u00e9s nem f\u00fcrd\u00f6tt benne, mert akkor nagyobb k\u00e1rosod\u00e1st okozott volna.<\/p>\r\n<p>1988-ban (30 \u00e9vvel ezel\u0151tt!!!) az amerikai OSHA (az amerikai \u00c1NTSZ) laborat\u00f3rium\u00e1ban v\u00e9geztek egy olyan felm\u00e9r\u00e9st, ahol eg\u00e9szs\u00e9gbiztons\u00e1gi szempontb\u00f3l bevizsg\u00e1lt\u00e1k a kozmetikumokban tal\u00e1lhat\u00f3 3000 leggyakrabban el\u0151fordul\u00f3 hat\u00f3anyagot. Ezekb\u0151l<\/p>\r\n<ul>\r\n<li>884 s\u00falyosan m\u00e9rgez\u0151,<\/li>\r\n<li>218 medd\u0151s\u00e9ghez vezethet,<\/li>\r\n<li>314 s\u00falyos biol\u00f3giai elv\u00e1ltoz\u00e1sokat okozhat,<\/li>\r\n<li>146 rosszindulat\u00fa daganatokat okozhat,<\/li>\r\n<li>376 b\u0151r- \u00e9s szemirrit\u00e1ci\u00f3t okozhat.<\/li>\r\n<\/ul>\r\n<p>A bevizsg\u00e1lt anyagok 2\/3-a k\u00e1ros hat\u00e1st gyakorol a szervezet\u00fcnkre!<\/p>\r\n<p>Az\u00f3ta ezeket a t\u00e9nyeket t\u00f6bb oldalr\u00f3l \u00e9s t\u00f6bbsz\u00f6r is al\u00e1t\u00e1masztott\u00e1k a vil\u00e1g t\u00f6bb laborat\u00f3rium\u00e1ban is, M\u00c9GSEM T\u00d6RT\u00c9NT SEMMI V\u00c1LTOZ\u00c1S!!! MI\u00c9RT NEM TUDUNK R\u00d3LA??!!!<\/p>\r\n<p>1997-ben Edward Kennedy szen\u00e1tor az akkor hivatalban l\u00e9v\u0151 amerikai eln\u00f6knek, Bill Clintonnak \u00edrta az al\u00e1bbiakat:<\/p>\r\n<p>\u201e\u2026m\u00e1r 10 \u00e9ve tudjuk, hogy kozmetikumaink minden harmadik alkot\u00f3eleme m\u00e9rgez\u0151, m\u00e9gsem tett\u00fcnk eddig semmit\u2026!<\/p>\r\n<p>Mi\u00e9rt volt fontos akkor Kennedy szen\u00e1tornak, hogy ezt elmondja? Eln\u00f6kv\u00e1laszt\u00e1s el\u0151tt \u00e1llt Amerika. Kennedy \u00fagy gondolkodott, hogy Clinton nem volt t\u00fal n\u00e9pszer\u0171, de szerette volna m\u00e9g egyszer megnyerni a v\u00e1laszt\u00e1st, viszont nem volt adu\u00e1sz a kez\u00e9ben, \u00e9s ha Clinton ki\u00e1llt volna a n\u00e9p el\u00e9 azzal, hogy bebizonyosodott \u00e9s nagyon sok \u00e9ve tudjuk m\u00e1r, hogy a kozmetikai ipar m\u00e9rgez minket, de \u00e9n majd hozok ez ellen t\u00f6rv\u00e9nyeket, biztosan visszaszerezte volna a n\u00e9pszer\u0171s\u00e9g\u00e9t. Clinton nem haszn\u00e1lta ki ezt az adu\u00e1szt, hanem eldugta a fi\u00f3k m\u00e9ly\u00e9re a levelet.<\/p>\r\n<p>M\u00e9rt? Volt \u00e9rdekelts\u00e9ge a kozmetikai iparban? Nem, semmi. Miben volt \u00e9rdekelts\u00e9ge? Az olajiparban. A k\u00f6zel-keleti olajh\u00e1bor\u00fai miatt volt n\u00e9pszer\u0171tlen. Neki egy \u00f3ri\u00e1si olajv\u00e1llalata volt, ebb\u0151l \u00e9lt.<\/p>\r\n<p>Az olajfinom\u00edt\u00e1s sor\u00e1n visszamarad egy vesz\u00e9lyes anyag, a pakura, ami egy barna, b\u00fcd\u00f6s, ragacsos, vesz\u00e9lyes anyag. Ha ezt kisz\u0151k\u00edtik, kozmetikai alapanyag lesz bel\u0151le.<\/p>\r\n<p>T\u00e9telezz\u00fck fel, hogy 1 l k\u0151olajb\u00f3l tudnak k\u00e9sz\u00edteni 1 l benzint, ami kb. 400 Ft. Egy liter benzin el\u0151\u00e1ll\u00edt\u00e1sa ut\u00e1n fennmaradt pakur\u00e1b\u00f3l 4 db test\u00e1pol\u00f3t tudnak el\u0151\u00e1ll\u00edtani, amib\u0151l a legolcs\u00f3bb is 400 Ft.<\/p>\r\n<p>Egy liter benzin lep\u00e1rl\u00e1sa \u00e9s finom\u00edt\u00e1sa ut\u00e1n visszamaradt pakur\u00e1b\u00f3l 40 kemoter\u00e1pi\u00e1ra val\u00f3 anyagot tudnak megcsin\u00e1lni, abb\u00f3l k\u00e9sz\u00fcl ugyanis. Egy kemoter\u00e1pi\u00e1\u00e9rt \u00e1tlagosan az OEP 4.000.000 Ft-ot fizet ki.<\/p>\r\n<p>Akkor mit \u00e9ri meg jobban k\u0151olajb\u00f3l gy\u00e1rtani, benzint, test\u00e1pol\u00f3t vagy kemoter\u00e1pi\u00e1t.<\/p>\r\n<p>Egy b\u00f6kken\u0151 van, nem tudja eladni a kemoter\u00e1pi\u00e1t, ha nincs r\u00e1kos. Hogy tud r\u00e1kost csin\u00e1lni? A test\u00e1pol\u00f3val! A m\u0171anyag \u00e9lelmiszerekkel stb.<\/p>\r\n<p>Bebizony\u00edtott\u00e1k m\u00e1r r\u00e9gen a tud\u00f3sok, hogy genetikailag 300 \u00e9vre vagyunk determin\u00e1lva, \u00e9s m\u00e9g a mostani k\u00f6r\u00fclm\u00e9nyek k\u00f6z\u00f6tt is el kellene \u00e9ln\u00fcnk 150 \u00e9vig. Ki ismer olyan embert, aki v\u00e9gelgyeng\u00fcl\u00e9sben, eg\u00e9szs\u00e9gesen halt meg? \u00c9s ki ismer olyat, aki r\u00e1kos vagy r\u00e1kban halt meg? 100 \u00e9ve m\u00e9g ford\u00edtott volt az ar\u00e1ny. Valami most nem stimmel. Nem az emberrel, a betegs\u00e9gekkel van a baj, hanem azzal, hogy magunknak csin\u00e1ljuk a betegs\u00e9get tudatosan vagy tudattalanul. Hisz am\u00edg nem \u00e1ll rendelkez\u00e9s\u00fcnkre az inform\u00e1ci\u00f3, addig nem is tudunk tenni ellene semmit. Viszont 1969 \u00f3ta tudt\u00e1k ezeket az eredm\u00e9nyeket, m\u00e9gsem lehetett olvasni egyetlen \u00fajs\u00e1gban sem, nem lehetett hallani sem a TV-ben, sem a r\u00e1di\u00f3ban r\u00f3la.<\/p>\r\n<p>A z\u00f6ld szervezetek nyom\u00e1s\u00e1ra indult REACH (Registration, Eveluation and Authorisation of Chemicals \u2013 Vegyi Anyagok Bevizsg\u00e1l\u00e1sa \u00e9s Enged\u00e9lyez\u00e9se) rendelet tervezete:<\/p>\r\n<p>\u201eHa kihoz egy c\u00e9g valamilyen \u00faj vegyi anyagot, akkor ne a hat\u00f3s\u00e1gnak kelljen azt bizony\u00edtani, hogy a hat\u00f3anyag esetleg k\u00e1ros, hanem az el\u0151\u00e1ll\u00edt\u00f3nak kelljen azt bizony\u00edtania, hogy sem eg\u00e9szs\u00e9gre, sem k\u00f6rnyezetre semmif\u00e9le k\u00e1ros hat\u00e1sa nincs az el\u0151\u00e1ll\u00edtott vegy\u00fcletnek.\u201d<\/p>\r\n<p>A RENDELET LEBUT\u00cdTOTT \u00c9S ER\u0150SEN MEGSZ\u0170RT V\u00c1LTOZATA CSAK TAVALY SZ\u00dcLETETT MEG.<\/p>\r\n<p>T\u00f6bb mint 100.000 szintetikus vegy\u00fclet l\u00e9tezik, amir\u0151l nincsenek hat\u00e1svizsg\u00e1latok.<\/p>\r\n<p>2005-ben Br\u00fcsszelben a WWF \u00e1ltal szervezett egyik legsz\u00e9lesebb k\u00f6r\u0171 eur\u00f3pai felm\u00e9r\u00e9st k\u00e9sz\u00edtett\u00e9k el, melyben 103 vegyi anyag jelenl\u00e9t\u00e9t vizsg\u00e1lt\u00e1k a v\u00e9rben. Minden olyan v\u00e1rosba elmentek, ahol 25.000-n\u00e9l t\u00f6bben laktak.<\/p>\r\n<ul>\r\n<li>A vizsg\u00e1lt 103 vegyi anyag 53%-\u00e1t, azaz 55-\u00f6t kimutattak a v\u00e9rmint\u00e1kb\u00f3l.<\/li>\r\n<li>A vizsg\u00e1lt v\u00e9rmint\u00e1kban \u00e1tlagosan 37 vegyi anyag volt.<\/li>\r\n<li>A legmagasabb sz\u00e1m 43, de m\u00e9g a legkev\u00e9sb\u00e9 szennyezett v\u00e9r\u0171 mintaad\u00f3ban is 33-at tal\u00e1ltak.<\/li>\r\n<li>25 olyan k\u00e1ros vegyi anyagot azonos\u00edtottak, amelyek kiv\u00e9tel n\u00e9lk\u00fcl mindegyik\u0151j\u00fckben benne voltak.<\/li>\r\n<li>A vizsg\u00e1lt anyagok nagy h\u00e1nyada a kozmetikumokban is megtal\u00e1lhat\u00f3 vegy\u00fclet, mint pl.:\r\n<ul>\r\n<li>ft\u00e1lsavak (kozmetikai m\u0171anyag flakonokb\u00f3l),<\/li>\r\n<li>fluor vegy\u00fcletek (fogkr\u00e9m),<\/li>\r\n<li>antibakteri\u00e1lis vegy\u00fcletek (fogkr\u00e9m, dezodor, k\u00e9zmos\u00f3k, tusf\u00fcrd\u0151k),<\/li>\r\n<li>szintetikus illatanyagok (parf\u00fcm\u00f6k, illatos\u00edt\u00f3 spray-k, konnektorba dughat\u00f3 illatos\u00edt\u00f3k).<\/li>\r\n<\/ul>\r\n<\/li>\r\n<\/ul>\r\n<p>Volt egy csavar a vizsg\u00e1latban. A WWF megh\u00edvta az \u00f6sszes eur\u00f3pai orsz\u00e1gb\u00f3l vagy az eg\u00e9szs\u00e9g\u00fcgyi, vagy a k\u00f6rnyezetv\u00e9delmi minisztert. Arra gondoltak, ha \u0151k szembes\u00fclnek azzal, hogy mi van a csal\u00e1djuk, a gyerekeik v\u00e9r\u00e9ben, el fognak gondolkodni rajta, hogy kellene arra egy szab\u00e1lyoz\u00e1s, hogy ne rakhassanak bele b\u00e1rmit a kozmetikumokba. 2011-ig b\u00e1rki b\u00e1rmit belerakhatott a kozmetikumokba, m\u00e9g v\u00e9gzetts\u00e9g sem kellett hozz\u00e1.<\/p>\r\n<p>Magyarorsz\u00e1got K\u00f6k\u00e9ny Mih\u00e1ly, volt eg\u00e9szs\u00e9g\u00fcgyi miniszter, M\u00e1rkus Ferenc, a WWF Magyarorsz\u00e1g igazgat\u00f3ja, Pers\u00e1nyi Mikl\u00f3s k\u00f6rnyezetv\u00e9delmi miniszter, Dr. Gurmai Zita Eur\u00f3pa parlamenti megfigyel\u0151 \u00e9s Dr. Zacher G\u00e1bor toxikol\u00f3gus f\u0151orvos k\u00e9pviselte.<\/p>\r\n<p>K\u00f6zvetlen\u00fcl a v\u00e9rad\u00e1s ut\u00e1n az al\u00e1bbiakat nyilatkozt\u00e1k:<\/p>\r\n<p><em>\u201eMegd\u00f6bbent\u0151 volt sz\u00e1momra, hogy mekkora sz\u00e1mban \u00e9s mennyis\u00e9gben mutattak ki vegyszereket az \u00e9n v\u00e9remb\u0151l is. Mindenkin\u00e9l, aki r\u00e9szt vett a k\u00eds\u00e9rletben, tal\u00e1ltak k\u00e1ros vegyszereket, teljesen f\u00fcggetlen\u00fcl att\u00f3l, Eur\u00f3pa mely orsz\u00e1g\u00e1ban \u00e9lnek.\u201d<\/em> \u2013 mondta Dr. Gurmai Zita.<\/p>\r\n<p><em>\u201eElfogadhatatlan, hogy egyre n\u00f6vekv\u0151 koncentr\u00e1ci\u00f3ban vannak jelen benn\u00fcnk, emberekben \u00e9s az \u00e1llatokban is vegyi anyagok. Olyanok, amelyeket m\u00e1r r\u00e9gen betiltottak, \u00e9s olyanok, amelyeket ma is haszn\u00e1lnak. Bennem p\u00e9ld\u00e1ul a DDT boml\u00e1sterm\u00e9k\u00e9b\u0151l 2700 egys\u00e9gnyi mennyis\u00e9get tal\u00e1ltak, holott az \u00e1tlag \u201ecsak\u201d 590 egys\u00e9g volt. Az egyik legnagyobb gond az, hogy nem tudjuk, hossz\u00fa t\u00e1von milyen eg\u00e9szs\u00e9g\u00fcgyi kock\u00e1zatot jelentenek.\u201d<\/em> \u2013 mondta M\u00e1rkus Ferenc.<\/p>\r\n<p><em>\u201eSz\u00e1m\u00edtottam r\u00e1, hogy t\u00f6bb tucat mesters\u00e9ges, term\u00e9szetidegen anyag van a v\u00e9remben, hiszen tudom, hogy mennyire nem term\u00e9szetes a mi \u00e9let\u00fcnk. M\u00e9gis v\u00e1ratlan volt, hogy az eur\u00f3pai \u00e1tlagot j\u00f3val meghaladja a bennem tal\u00e1lt ft\u00e1lsav \u00e9s DDT-sz\u00e1rmaz\u00e9k mennyis\u00e9ge. Hogy bennem mit okoznak ezek az anyagok, nem tudhatom. Pedig tudni kellene minden mesters\u00e9ges anyagr\u00f3l, hogy mire sz\u00e1m\u00edthatunk, ha a k\u00f6zel\u00fcnkbe engedj\u00fck \u0151ket.\u201d<\/em> \u2013 komment\u00e1lta az eredm\u00e9nyeit Pers\u00e1nyi Mikl\u00f3s.<\/p>\r\n<p><em>\u201eA bennem tal\u00e1lt kemik\u00e1li\u00e1kt\u00f3l feltehet\u0151en \u00e9n m\u00e1r sohasem tudok megszabadulni. Viszont rem\u00e9lem, a fiamban \u00e9s az unok\u00e1imban m\u00e1r nem lesznek ezek a vegy\u00fcletek. Egy szigor\u00fa jogszab\u00e1ly lehet az egyetlen lehet\u0151s\u00e9g, hogy r\u00e9szben magunkon seg\u00edts\u00fcnk, nagyobbr\u00e9szt, hogy gyermekeink eg\u00e9szs\u00e9gesebb \u00e9let\u00e9t el\u0151seg\u00edts\u00fck.\u201d<\/em> \u2013 nyilatkozta Dr. Zacher G\u00e1bor toxikol\u00f3gus.<\/p>\r\n<p>P\u00e1r \u00e9v m\u00falva Dr. Zacher G\u00e1bor azt nyilatkozta, hogy a m\u00e9regtelen\u00edt\u00e9s \u00e9s a b\u00f6jt teljesen felesleges, mert a szervezetben nem marad bent semmif\u00e9le m\u00e9reganyag.<\/p>\r\n<p>&nbsp;<\/p>\r\n<p>A LEGVESZ\u00c9LYESEBB VEGY\u00dcLETCSOPORTOK<\/p>\r\n<ol>\r\n<li><strong>Alum\u00ednium-sz\u00e1rmaz\u00e9kok \u00e9s alum\u00ednium vegy\u00fcletek<\/strong>\r\n<ul>\r\n<li>dezodorokban,<\/li>\r\n<li>izzad\u00e1s g\u00e1tl\u00f3kban,<\/li>\r\n<li>borotv\u00e1lkoz\u00e1s ut\u00e1ni k\u00e9sz\u00edtm\u00e9nyekben,<\/li>\r\n<li>arckr\u00e9mekben,<\/li>\r\n<li>napoz\u00f3szerekben,<\/li>\r\n<li>baba\u00e1pol\u00e1si k\u00e9sz\u00edtm\u00e9nyekben.<\/li>\r\n<\/ul>\r\n<\/li>\r\n<\/ol>\r\n<p style=\"padding-left: 30px\"><img class=\"alignnone size-medium wp-image-421 aligncenter\" src=\"https:\/\/legyelboldog.cafeblog.hu\/files\/2018\/06\/deok-300x196.jpg\" alt=\"\" width=\"300\" height=\"196\" \/><\/p>\r\n<p style=\"padding-left: 30px\">A kozmetikumokban leggyakrabban az alum\u00ednium s\u00f3kat alkalmazz\u00e1k p\u00f3rus\u00f6sszeh\u00faz\u00f3, verejt\u00e9kcs\u00f6kkent\u0151, v\u00e9rz\u00e9scsillap\u00edt\u00f3 tulajdons\u00e1guk miatt. Min\u00e9l hat\u00e9konyabb k\u00e9sz\u00edtm\u00e9nyt szeretn\u00e9nk haszn\u00e1lni, ann\u00e1l nagyobb az es\u00e9lye, hogy a lehet\u0151 legfelsz\u00edv\u00f3d\u00f3bb form\u00e1ban tal\u00e1ljuk meg benne az alum\u00edniumot, amely a b\u0151r\u00f6n kereszt\u00fcl felsz\u00edv\u00f3dva egyenesen a v\u00e9r\u00e1ramba jut, ez\u00e1ltal tudja m\u00e9rgezni ak\u00e1r az eg\u00e9sz szervezetet is.<\/p>\r\n<p style=\"padding-left: 30px\">Alternat\u00edv megold\u00e1sk\u00e9nt haszn\u00e1ljunk olyan dezodorokat, amelyek gy\u00f3gyn\u00f6v\u00e9ny-\u00f6sszet\u00e9tele verejt\u00e9kszab\u00e1lyz\u00f3 \u00e9s erjed\u00e9sg\u00e1tl\u00f3 hat\u00e1ssal b\u00edr, mint pl. a zs\u00e1lya, a hamamelisz, teafaolaj, eukaliptusz, citruskivonatok stb.<\/p>\r\n<p style=\"padding-left: 30px\">A \u201970-es \u00e9vekben betiltott\u00e1k a k\u00f6zkonyh\u00e1kon az alum\u00ednium ev\u0151eszk\u00f6z\u00f6k, ed\u00e9nyek \u00e9s mer\u0151kanalak haszn\u00e1lat\u00e1t, mert olyan hormon\u00e1lis zavart csin\u00e1lnak a szervezetben, hogy az agyk\u00e1rosod\u00e1st\u00f3l elkezdve, a medd\u0151s\u00e9gen kereszt\u00fcl a h\u00edmn\u0151s ivarsejtek megjelen\u00e9s\u00e9ig nagyon komoly gondot okoznak a szervezetben. M\u00e1r a ny\u00e1llal is kiold\u00f3dtak ezek az anyagok az ev\u0151eszk\u00f6z\u00f6kb\u0151l, ed\u00e9nyekb\u0151l.<\/p>\r\n<p style=\"padding-left: 30px\">\u00c9s akkor ott vannak a serpeny\u0151k, melyek teflon bevonatosak \u00e9s alum\u00edniumb\u00f3l vannak\u2026<\/p>\r\n<p style=\"padding-left: 30px\">\u00dagy ismerhet\u0151k fel a term\u00e9kek \u00f6sszetev\u0151list\u00e1j\u00e1ban, hogy az \u201ealu\u201d szerepel benne. Vannak olyan BIO term\u00e9kek is, melyekben megtal\u00e1lhat\u00f3 az alum\u00ednium.<\/p>\r\n<ol start=\"2\">\r\n<li><strong>Habk\u00e9pz\u0151 tenzidek \u00e9s mos\u00f3 akt\u00edv anyagok<\/strong>\r\n<ul>\r\n<li>Ahhoz, hogy egy kozmetikum habos legyen, habk\u00e9pz\u0151 tenzidet, vagy m\u00e1s n\u00e9ven mos\u00f3 akt\u00edv anyagot kell a gy\u00e1rt\u00f3nak beletennie. Ezek az anyagok, amelyekt\u0151l \u201etiszt\u00e1nak\u201d \u00e9rzed magad, ugyanis olyan er\u0151s zs\u00edrold\u00f3 tulajdons\u00e1ggal rendelkeznek, hogy leoldj\u00e1k a testeden tal\u00e1lhat\u00f3 b\u0151rfelsz\u00edni emulzi\u00f3t, amely a b\u0151rimmun\u00e9rt felel\u0151s, \u00e9s az egyik els\u0151 sz\u00e1m\u00fa v\u00e9delmi vonala a szervezetnek. Ezen vegy\u00fcletek \u201e\u00e1ld\u00e1sos\u201d tev\u00e9kenys\u00e9g\u00e9nek k\u00f6sz\u00f6nhet\u0151 az a bizonyos sz\u00e1raz, h\u00faz\u00f3d\u00f3 \u00e9rz\u00e9s, a b\u0151rallergi\u00e1k nagy r\u00e9sze, a korai \u00f6reged\u00e9s \u00e9s a \u2013 sajnos m\u00e1r csecsem\u0151korban is jelentkez\u0151 \u2013 ekc\u00e9ma.<\/li>\r\n<li>Ebbe a vegy\u00fcletcsoportba tartozik az \u00f6sszes olyan kozmetikum, ami habzik:\r\n<ul>\r\n<li>habf\u00fcrd\u0151,<\/li>\r\n<li>tusf\u00fcrd\u0151,<\/li>\r\n<li>babaf\u00fcrdet\u0151,<\/li>\r\n<li>intim mosakod\u00f3,<\/li>\r\n<li>sampon, hajbalzsam,<\/li>\r\n<li>fogkr\u00e9m,<\/li>\r\n<li>arclemos\u00f3k, sminklemos\u00f3k.<\/li>\r\n<li>A kozmetikumokban alkalmazott szulf\u00e1toknak a b\u0151rre \u00e9s az eg\u00e9szs\u00e9gre gyakorolt hat\u00e1s\u00e1t tekintve n\u00e9gy nagyon vesz\u00e9lyes k\u00e9pvisel\u0151je van:\r\n<ul>\r\n<li>Sodium Lauryl Sulfate (SLS),<\/li>\r\n<li>Sodium Laureth Sulfate (SLES),<\/li>\r\n<li>Ammonium Lauryl Sulfate (ALS),<\/li>\r\n<li>Ammonium Laurets Sulfate (ALES).<\/li>\r\n<\/ul>\r\n<\/li>\r\n<\/ul>\r\n<\/li>\r\n<\/ul>\r\n<\/li>\r\n<\/ol>\r\n<p><img class=\"alignnone size-medium wp-image-419 aligncenter\" src=\"https:\/\/legyelboldog.cafeblog.hu\/files\/2018\/06\/capture_04052018_172703-300x223.jpg\" alt=\"\" width=\"300\" height=\"223\" \/><\/p>\r\n<p style=\"padding-left: 30px\">A szulf\u00e1t tenzidek nem b\u0151rbar\u00e1tok, lemoss\u00e1k a b\u0151r\u00fcnkr\u0151l azt a v\u00e9d\u0151 bakt\u00e9riumr\u00e9teget, ami valamennyi v\u00e9delmet m\u00e9g ny\u00fajtana sz\u00e1munka. Mikor lemostuk ezt a r\u00e9teget \u00e9s a zs\u00edrr\u00e9teget, kisz\u00e1radunk \u00e9s k\u00edv\u00e1njuk a test\u00e1pol\u00f3t, ami pakur\u00e1b\u00f3l van. R\u00e1kenj\u00fck a b\u0151r\u00fcnkre, \u00e9s mivel a pakura nem term\u00e9szetes anyag, nem tud felsz\u00edv\u00f3dni, k\u00e9pez egy v\u00e9kony r\u00e9teget. \u00dagy t\u0171nik, nincs kisz\u00e1radva a b\u0151r\u00fcnk, de alatta nem tud l\u00e9legezni, nem m\u0171k\u00f6dik az anyagcser\u00e9je, nem tud l\u00e9legezni, nem tud izzadni. Mivel teljesen megg\u00e1toljuk a b\u0151r anyagcser\u00e9j\u00e9t, gyullad\u00e1sos folyamatok indulnak be, melyek b\u0151rbetegs\u00e9gekhez vezetnek.<\/p>\r\n<p style=\"padding-left: 30px\">T\u00f6bbsz\u00f6r k\u00e9rdezt\u00e9k meg Valit\u00f3l, hogy \u0151 miben f\u00fcrdik. V\u00e1lasza az volt, v\u00edzben. Az emberis\u00e9gnek \u00e9vezredekig nem volt tusf\u00fcrd\u0151je, m\u00e9gsem halt ki, mi\u00f3ta van, elindult ez a folyamat.<\/p>\r\n<ul>\r\n<li>Alternat\u00edvak\u00e9nt k\u00f3kuszolajb\u00f3l (Cocamide-, Cocamido-) kivont b\u0151rbar\u00e1t tenzidek haszn\u00e1lat\u00e1t javasoljuk.<\/li>\r\n<\/ul>\r\n<ol start=\"3\">\r\n<li><strong>Emulge\u00e1torok \u00e9s fel\u00fcletakt\u00edv vegy\u00fcletek<\/strong>\r\n<ul>\r\n<li>Az emulge\u00e1toroknak k\u00f6sz\u00f6nhet\u0151, hogy a kozmetikai k\u00e9sz\u00edtm\u00e9nyek zs\u00edrold\u00e9kony \u00e9s v\u00edzold\u00e9kony hat\u00f3anyagai elegyednek egym\u00e1ssal, azaz emulzi\u00f3t \u2013 h\u00e9tk\u00f6znapi n\u00e9ven kr\u00e9met \u2013 alkotnak.<\/li>\r\n<li>Sajnos a kozmetikai ipar mesters\u00e9ges emulge\u00e1torokat haszn\u00e1l, amelyek k\u00f6z\u00f6tt sok a vesz\u00e9lyes vegy\u00fclet. A legvesz\u00e9lyesebb kozmetikai emulge\u00e1tor a Triethanol amine (TEA) \u00e9s ennek sz\u00e1rmaz\u00e9kai, amelyek k\u00f6z\u00fcl sok a t\u00f6bbfunkci\u00f3s emulge\u00e1tor-tenzid is.<\/li>\r\n<li>A DEA, TEA, MEA mozaikszavak \u00f6sszet\u00e9telekben val\u00f3 el\u0151fordul\u00e1s\u00e1val \u00e1ltal\u00e1noss\u00e1gban is vigy\u00e1zni kell, mert a j\u00f3l hangz\u00f3 nevek m\u00f6g\u00f6tt \u00e1ll\u00f3 vegy\u00fcletek (diethanolamine, triethanolamine, monoethanolamide) \u00e1ltal\u00e1ban k\u00e1rosak. Sajnos az \u00f6sszes el\u0151bb eml\u00edtett vegy\u00fclet b\u0151rirrit\u00e1l\u00f3 hat\u00e1s\u00fa lehet, k\u00e1ros\u00edthatja a ves\u00e9t, megterheli a m\u00e1jat. Ezeket az \u00e1ll\u00edt\u00e1sokat \u00e1llatk\u00eds\u00e9rletekkel is bizony\u00edtott\u00e1k \u00e9s al\u00e1t\u00e1masztott\u00e1k.<\/li>\r\n<li>Egyes anyagokkal reakci\u00f3ba l\u00e9pve er\u0151sen r\u00e1kkelt\u0151 nitrozaminokat k\u00e9pezhetnek, b\u00e1r nem tiszt\u00e1zott, hogy a kozmetikumokban haszn\u00e1lt koncentr\u00e1ci\u00f3ban ez mekkora vesz\u00e9lyt jelent. Egyre ink\u00e1bb az a kutat\u00f3k v\u00e9lem\u00e9nye, hogy a rizik\u00f3faktor nagy ezeknek a vegy\u00fcleteknek az eset\u00e9ben.<\/li>\r\n<\/ul>\r\n<\/li>\r\n<\/ol>\r\n<p style=\"padding-left: 30px\">Milyen er\u0151s vegyi anyagnak kell lennie annak az anyagnak, ami a vizet \u00e9s az olajat k\u00e9pes \u00f6sszevegy\u00edteni?<\/p>\r\n<p style=\"padding-left: 30px\">Mi is k\u00e9pesek vagyunk erre, amikor h\u00e1zi majon\u00e9zt k\u00e9sz\u00edt\u00fcnk. Ott a toj\u00e1s a vizes f\u00e1zis, az \u00e9tolaj a zs\u00edros f\u00e1zis. Ezekb\u0151l kr\u00e9met, azaz emulzi\u00f3t tudunk keverni. \u00c9s milyen emulge\u00e1tort haszn\u00e1lunk hozz\u00e1? A toj\u00e1sban benne van az emulge\u00e1tor lecitin \u00e9s koleszterin form\u00e1j\u00e1ban. Ezt az\u00e9rt nem haszn\u00e1lja a kozmetikai ipar, mert a term\u00e9szetben el\u0151fordul\u00f3 anyagokat nem lehet szabadalmaztatni, pedig abban van a p\u00e9nz, \u00edgy ink\u00e1bb el\u0151\u00e1ll\u00edtanak mesters\u00e9ges emulge\u00e1torokat.<\/p>\r\n<p style=\"padding-left: 30px\">Ezek a mesters\u00e9ges emulge\u00e1torok a szervezet\u00fcnkbe jutva folytatj\u00e1k a dolgukat. M\u00edg a lecitint felismeri a szervezet\u00fcnk, mert arra van k\u00f3dolva, hogy a term\u00e9szetesen el\u0151fordul\u00f3 dolgokat felismerje, \u00e9s tudja, mi a teend\u0151 vele. Gyorsan kihajtja, mert \u00e1rtalmas a szervezet sz\u00e1m\u00e1ra, vagy be\u00e9p\u00edti, mert hasznos.<\/p>\r\n<p style=\"padding-left: 30px\">Ha idegen anyag ker\u00fcl a szervezet\u00fcnkbe, akkor megpr\u00f3b\u00e1lja valamihez hasonl\u00edtani. Ha hasonl\u00edt valamihez, akkor j\u00f3 esetben \u00fagy kezeli, mint azt a valamit, amihez hasonl\u00edt. Ha nem hasonl\u00edt semmire, akkor vagy kil\u00f6ki, vagy bent marad valahol a szervezetben. Ha az emulge\u00e1tor bent marad a szervezet\u00fcnkben, akkor tov\u00e1bbra is emulge\u00e1lni fog \u00e9s pl. a v\u00e9rzs\u00edrt \u00f6sszeemulg\u00e1lja a v\u00e9r\u00fcnkkel.<\/p>\r\n<ol start=\"4\">\r\n<li><strong>Szintetikus illatanyagok<\/strong><\/li>\r\n<\/ol>\r\n<ul>\r\n<li>Az illat az egyik legkritikusabb \u00f6sszetev\u0151 a kozmetikumok eset\u00e9ben, nemcsak az\u00e9rt, mert ez alapj\u00e1n v\u00e1lasztjuk ki kedvenc\u00fcnket, hanem mert az illatanyagok a kozmetikumok \u00e1ltal okozott allergi\u00e1s reakci\u00f3k leggyakoribb kiv\u00e1lt\u00f3i. Az \u00fajabb kutat\u00e1sok azt is al\u00e1t\u00e1masztott\u00e1k, hogy val\u00f3sz\u00edn\u0171s\u00edthet\u0151en szerep\u00fck van a demenci\u00e1lis betegs\u00e9gek (autizmus, sclerosis multiplex, Alzheimer-k\u00f3r, Parkinson-k\u00f3r, dislexia, disgraphia, migr\u00e9n, epilepszia) kialakul\u00e1s\u00e1ban is.<\/li>\r\n<li>Ennek ellen\u00e9re nincs k\u00f6nny\u0171 helyzetben az \u00f3vatos v\u00e1s\u00e1rl\u00f3, hiszen az \u00fczleti titkok v\u00e9delme \u00e9rdek\u00e9ben a gy\u00e1rt\u00f3knak el\u00e9g csup\u00e1n annyit felt\u00fcntetni \u201eparf\u00fcm\u201d vagy \u201efragrance\u201d, \u00e9s \u2013 n\u00e9h\u00e1ny kiv\u00e9tellel \u2013 nem t\u00fcntetik fel k\u00fcl\u00f6n az illatanyag \u00f6sszet\u00e9tel\u00e9t. A gy\u00e1rt\u00f3k t\u00f6bb ezer illatkomponenst haszn\u00e1lnak, \u00e9s egy-egy term\u00e9k illata ak\u00e1r t\u00f6bb sz\u00e1z komponensb\u0151l is \u00e1llhat. Ezek k\u00f6z\u00f6tt vannak \u00e1rtalmatlanok, er\u0151s allerg\u00e9nek, r\u00e1kkelt\u0151ek, agyk\u00e1ros\u00edt\u00f3ak \u00e9s olyanok is, amelyek csak az emberek eleny\u00e9sz\u0151 kisebbs\u00e9g\u00e9t \u00e9rintik kellemetlen\u00fcl.<\/li>\r\n<\/ul>\r\n<p style=\"padding-left: 30px\">Az illat \u00fagy hat, hogy az agyunk limbikus rendszere \u00e9rz\u00e9keli az illatot \u00e9s ford\u00edtja le mag\u00e1nak. A val\u00f3di illattal gy\u00f3gy\u00edtani lehet (aromater\u00e1pia), mert c\u00e9lzott illatokkal az agyat serkenthetj\u00fck olyan m\u0171k\u00f6d\u00e9sre, ami jav\u00edt\u00f3 funkci\u00f3kat l\u00e1t el a szervezetben, hisz mindent az agyunk ir\u00e1ny\u00edt.<\/p>\r\n<p style=\"padding-left: 30px\">Mib\u0151l k\u00e9sz\u00fclnek a szintetikus illatok? Pakur\u00e1b\u00f3l!!! Azok nagyon mikroszkopikus k\u0151olaj molekul\u00e1k n\u00e9mi terpinnel \u00e9s alkohollal, mert abban oldj\u00e1k. Mikor azt bel\u00e9legezz\u00fck, a limbikus rendszer nem illatk\u00e9nt fogja \u00e9rz\u00e9kelni, hanem egy anyagk\u00e9nt, teh\u00e1t k\u0151olaj landol az agyunkban. Ha minden nap szembes\u00fcl\u00fcnk ezzel az \u201eillattal\u201d, vajon hogy fog kin\u00e9zni \u00e9vek m\u00falva az agyunk?<\/p>\r\n<ol start=\"5\">\r\n<li><strong>Tart\u00f3s\u00edt\u00f3szerek<\/strong><\/li>\r\n<\/ol>\r\n<p style=\"padding-left: 30px\">Az egyik legprobl\u00e9m\u00e1sabb vegy\u00fcletcsoport a tart\u00f3s\u00edt\u00f3k\u00e9. Az EU-szab\u00e1lyoz\u00e1s szerint ugyanis csak tart\u00f3s\u00edtott k\u00e9sz\u00edtm\u00e9nyeket szabad forgalomba hozni. Sajnos az \u00e1ltal\u00e1nosan alkalmazott szintetikus tart\u00f3s\u00edt\u00f3szerek 90%-a k\u00e1ros hat\u00e1s\u00fa. Ezek k\u00f6z\u00fcl szinte mindegyik valamilyen form\u00e1ban allerg\u00e9n, egyes konzerv\u00e1l\u00f3szerekn\u00e9l m\u00e9g a r\u00e1kkelt\u00e9s gyan\u00faja is fenn\u00e1ll (Bronpol\/2-Bromo-2-Nitropropane-1,3-Diol, Bronidox\/5-Bromo-5-Nitro-1,3-Dioxan).<\/p>\r\n<p style=\"padding-left: 30px\">A berlini Eg\u00e9szs\u00e9g\u00fcgyi Hivatal figyelmeztet a dietanol-aminokra (DEA), a trietanol-aminokra (TEA), amelyek szint\u00e9n r\u00e1kot okozhatnak. Egyes szintetikus antioxid\u00e1nsok (BHT\/E321, BHA\/E320) \u00e9s komplexk\u00e9pz\u0151k (EDTA) is nagyon vesz\u00e9lyesek a b\u0151rre n\u00e9zve. A Glyoxalr\u00f3l (Glyoxalic Acid) igen kevesen tudj\u00e1k, hogy egy olyan rendk\u00edv\u00fcl k\u00e1ros szintetikus anyag, amely mutag\u00e9n, feh\u00e9rjek\u00e1ros\u00edt\u00f3, m\u00e9rgez\u0151, \u00e9s hullakonzerv\u00e1l\u00e1sra haszn\u00e1lj\u00e1k.<\/p>\r\n<p style=\"padding-left: 30px\">Amelyek nem k\u00e1rosak (sajnos igen r\u00f6vid a lista):<\/p>\r\n<ul>\r\n<li>Benzoic Acid,<\/li>\r\n<li>Sorbic Acid,<\/li>\r\n<li>Phenoxyethanol,<\/li>\r\n<li>Ascorbic acid,<\/li>\r\n<li>Tochopheryl Acetate,<\/li>\r\n<li>Apple Acid,<\/li>\r\n<li>Ascorbyl Palmitate,<\/li>\r\n<li>Benzyl Salicylate,<\/li>\r\n<li>Benzyl Alcohol<\/li>\r\n<li>\u00e9s a term\u00e9szetes, 100%-os ill\u00f3olajok szinte mindegyike.<\/li>\r\n<\/ul>\r\n<p style=\"padding-left: 30px\">Egy Ausztr\u00e1li\u00e1ban \u00e9l\u0151 h\u00f6lgy k\u00fcld\u00f6tt Valinak egy list\u00e1t egy neves francia c\u00e9g \u00e1ltal gy\u00e1rtott kr\u00e9m \u00f6sszetev\u0151ir\u0151l, hogy n\u00e9zze \u00e1t, mi van benne. Glyoxal volt benne, amivel a hull\u00e1kat tart\u00f3s\u00edtj\u00e1k\u2026<\/p>\r\n<ol start=\"6\">\r\n<li><strong>K\u0151olajsz\u00e1rmaz\u00e9kok (zs\u00edr helyettes\u00edt\u00e9s\u00e9re)<\/strong><\/li>\r\n<\/ol>\r\n<ul>\r\n<li>A szintetikus anyagok t\u00falnyom\u00f3 t\u00f6bbs\u00e9ge k\u0151olajsz\u00e1rmaz\u00e9k.<\/li>\r\n<li>Term\u00e9szetes zs\u00edr- \u00e9s olajp\u00f3tl\u00f3k\u00e9nt ker\u00fclnek a kozmetikumokba \u2013 legf\u0151k\u00e9pp a kr\u00e9mekbe, test\u00e1pol\u00f3kba, massz\u00e1zsolajokba, babaolajokba, alapoz\u00f3kba \u00e9s r\u00fazsokba.<\/li>\r\n<li>Mivel a val\u00f3di 100%-os n\u00f6v\u00e9nyi olajok dr\u00e1g\u00e1k, a kozmetikai ipar a nagyobb haszon \u00e9s a hosszabb eltarthat\u00f3s\u00e1g \u00e9rdek\u00e9ben el\u0151szeretettel alkalmazza az olcs\u00f3 k\u0151olajat, eg\u00e9szen pontosan a k\u0151olaj-feldolgoz\u00e1s sor\u00e1n keletkezett k\u0151olajhullad\u00e9kot, a pakur\u00e1t. B\u00e1rmily bizarrul is hangzik, ebb\u0151l a gusztustalan, b\u00fcd\u00f6s, ragacsos \u00e9s rendk\u00edv\u00fcl m\u00e9rgez\u0151 vesz\u00e9lyes hullad\u00e9kb\u00f3l k\u00e9sz\u00fclnek durva vegyszeres finom\u00edt\u00e1ssal a kozmetikai szintetikus zs\u00edr- \u00e9s olajkomponensek, kr\u00e9malapok.<\/li>\r\n<\/ul>\r\n<ol start=\"6\">\r\n<li style=\"list-style-type: none\">\u00a0<\/li>\r\n<\/ol>\r\n<p style=\"padding-left: 30px\">A k\u0151olajsz\u00e1rmaz\u00e9kok b\u0151rre gyakorolt hat\u00e1sa:<\/p>\r\n<ul>\r\n<li>elt\u00f6m\u00edtik a p\u00f3rusokat, ez\u00e1ltal blokkolj\u00e1k a b\u0151r term\u00e9szetes \u00e9lettani folyamatait: a l\u00e9gz\u00e9st, az anyagcser\u00e9t \u00e9s a kiv\u00e1laszt\u00e1st,<\/li>\r\n<li>akad\u00e1lyozz\u00e1k a b\u0151r m\u00e9regtelen\u00edt\u00e9s\u00e9t,<\/li>\r\n<li>\u00e9lettelenn\u00e9, t\u00f6r\u00e9kenny\u00e9 teszik a b\u0151rt a megsz\u0171nt funkci\u00f3k miatt,<\/li>\r\n<li>g\u00e1tolj\u00e1k a b\u0151r term\u00e9szetes kop\u00e1s\u00e1t, aminek k\u00f6vetkezm\u00e9nye a megvastagodott szarur\u00e9teg,<\/li>\r\n<li>el\u0151seg\u00edtik a mitesszerek \u00e9s a pattan\u00e1sok kialakul\u00e1s\u00e1t,<\/li>\r\n<li>er\u0151s\u00edtik a gyullad\u00e1sra val\u00f3 hajlamot \u00e9s a gyullad\u00e1ssal egy\u00fctt j\u00e1r\u00f3 b\u0151rbetegs\u00e9gek kialakul\u00e1s\u00e1t (s\u00f6m\u00f6r, ekc\u00e9ma, hiperkerat\u00f3zisok, szeborrea, roz\u00e1cea, egy\u00e9b b\u0151rgyullad\u00e1sok),<\/li>\r\n<li>nekik \u00e9s az SLS\/SLES-nek k\u00f6sz\u00f6nhetj\u00fck azt a bizonyos \u201esz\u00e1raz, h\u00faz\u00f3d\u00f3, viszket\u0151 \u00e9rz\u00e9s\u201d-t,<\/li>\r\n<li>egy l\u00e1thatatlan (fel nem sz\u00edv\u00f3d\u00f3) r\u00e9teget k\u00e9peznek a b\u0151rre, amely megakad\u00e1lyozza a b\u0151r l\u00e9gz\u00e9s\u00e9vel egy\u00fctt j\u00e1r\u00f3 p\u00e1rolg\u00e1st, vagyis azt a term\u00e9szetes v\u00edzlead\u00e1st, ami az eg\u00e9szs\u00e9ges b\u0151r h\u0151h\u00e1ztart\u00e1sa szempontj\u00e1b\u00f3l n\u00e9lk\u00fcl\u00f6zhetetlen (\u00e9rdekes m\u00f3don ezt a gy\u00e1rt\u00f3k el\u0151nyk\u00e9nt t\u00fcntetik fel a term\u00e9ken a hidrat\u00e1lts\u00e1g szempontj\u00e1b\u00f3l, ami persze nem \u00edgy van, mert a b\u0151r hidrat\u00e1lts\u00e1ga a v\u00edzmegk\u00f6t\u0151 faktorok munk\u00e1j\u00e1t\u00f3l \u00e9s az iv\u00e1ssal elfogyasztott v\u00edzmennyis\u00e9gt\u0151l f\u00fcgg!),<\/li>\r\n<li>k\u0151olaj tartalm\u00fa k\u00e9sz\u00edtm\u00e9nyek a bab\u00e1k b\u0151r\u00e9re n\u00e9zve \u00e9letvesz\u00e9lyesek, ugyanis nem engedik kialakulni a b\u0151r term\u00e9szetes v\u00e9delm\u00e9t (b\u0151rimmun) ell\u00e1t\u00f3 savk\u00f6penyt (pH 6-7), azaz a b\u0151rfelsz\u00edni emulzi\u00f3t.<\/li>\r\n<\/ul>\r\n<p><img class=\"alignnone size-medium wp-image-412 aligncenter\" src=\"https:\/\/legyelboldog.cafeblog.hu\/files\/2018\/06\/koolaj-300x214.jpg\" alt=\"\" width=\"300\" height=\"214\" \/><\/p>\r\n<p style=\"padding-left: 30px\">A paraffinnal a m\u00e9hviaszt hamis\u00edtj\u00e1k.<\/p>\r\n<p style=\"padding-left: 30px\">A vazelin a gy\u00f3gyszert\u00e1ri k\u00e9sz\u00edtm\u00e9nyek alapja. Valamint sok tudatos, gy\u00f3gy\u00edt\u00e1ssal foglalkoz\u00f3 szakember \u00fagy k\u00e9sz\u00edti a kr\u00e9meket, hogy megveszi a hydrofil kr\u00e9met, mely 100% k\u0151olajb\u00f3l van.<\/p>\r\n<p style=\"padding-left: 30px\">A FTAL\u00c1TOK kev\u00e9s sav, illetve kev\u00e9s l\u00fag hat\u00e1s\u00e1ra is m\u00e1r old\u00f3dnak mindenb\u0151l, illetve enyhe h\u0151 hat\u00e1s\u00e1ra is. Ez a kozmetikumok t\u00e9gely\u00e9nek az anyaga.<\/p>\r\n<p><img class=\"alignnone size-medium wp-image-410 aligncenter\" src=\"https:\/\/legyelboldog.cafeblog.hu\/files\/2018\/06\/ftalatok-300x218.jpg\" alt=\"\" width=\"300\" height=\"218\" \/><\/p>\r\n<p><img class=\"alignnone size-medium wp-image-409 aligncenter\" src=\"https:\/\/legyelboldog.cafeblog.hu\/files\/2018\/06\/ftalatok-hatasai-300x213.jpg\" alt=\"\" width=\"300\" height=\"213\" \/><\/p>\r\n<p><img class=\"alignnone size-medium wp-image-413 aligncenter\" src=\"https:\/\/legyelboldog.cafeblog.hu\/files\/2018\/06\/fluoridok-300x228.jpg\" alt=\"\" width=\"300\" height=\"228\" \/><\/p>\r\n<p><img class=\"alignnone size-medium wp-image-414 aligncenter\" src=\"https:\/\/legyelboldog.cafeblog.hu\/files\/2018\/06\/fluor-300x225.jpg\" alt=\"\" width=\"300\" height=\"225\" \/><\/p>\r\n<p><img class=\"alignnone size-medium wp-image-415 aligncenter\" src=\"https:\/\/legyelboldog.cafeblog.hu\/files\/2018\/06\/szintetikus-szinezekek-300x227.jpg\" alt=\"\" width=\"300\" height=\"227\" \/><\/p>\r\n<p style=\"padding-left: 30px\">A mesters\u00e9ges f\u00e9nyv\u00e9d\u0151 szerek nagy r\u00e9sze b\u0151rr\u00e1kot okoz, de csak akkor, ha napf\u00e9nnyel tal\u00e1lkozik\u2026!<\/p>\r\n<p><img class=\"alignnone size-medium wp-image-408 aligncenter\" src=\"https:\/\/legyelboldog.cafeblog.hu\/files\/2018\/06\/fenyvedo-300x228.jpg\" alt=\"\" width=\"300\" height=\"228\" \/><\/p>\r\n<p><img class=\"alignnone size-medium wp-image-411 aligncenter\" src=\"https:\/\/legyelboldog.cafeblog.hu\/files\/2018\/06\/egyeb-veszelyes-osszetevok-300x227.jpg\" alt=\"\" width=\"300\" height=\"227\" \/><\/p>\r\n<p style=\"padding-left: 30px\">\u00d6sszehasonl\u00edtott k\u00e9t korp\u00e1sod\u00e1s elleni sampont. Az egyik egy mindenki \u00e1ltal ismert m\u00e1rka.<\/p>\r\n<p><img class=\"alignnone size-medium wp-image-407 aligncenter\" src=\"https:\/\/legyelboldog.cafeblog.hu\/files\/2018\/06\/osszehasonlitas-300x226.jpg\" alt=\"\" width=\"300\" height=\"226\" \/><\/p>\r\n<p style=\"padding-left: 30px\"><span style=\"color: #ff0000\">Piros<\/span> \u2013 nagyon k\u00e1rosak<\/p>\r\n<p style=\"padding-left: 30px\"><span style=\"color: #ff9900\">Narancss\u00e1rga<\/span> \u2013 csak 10-12 \u00e9v m\u00falva kezdik el kimutatni k\u00e1ros hat\u00e1sukat<\/p>\r\n<p style=\"padding-left: 30px\"><span style=\"color: #0000ff\">K\u00e9k<\/span> \u2013 semleges anyagok<\/p>\r\n<p style=\"padding-left: 30px\"><span style=\"color: #008000\">Z\u00f6ld<\/span> \u2013 hat\u00e9kony anyagok.<\/p>\r\n<p style=\"padding-left: 30px\">Te melyiket v\u00e1lasztan\u00e1d? <span style=\"color: #ff0000\">A k\u00e9t term\u00e9k k\u00f6z\u00f6tt 118 Ft k\u00fcl\u00f6nbs\u00e9g van<\/span>, m\u00e9gis az els\u0151t veszik t\u00f6bben.<\/p>\r\n<p style=\"padding-left: 30px\">Legyetek tudatosak! Soha nem a m\u00e1rka sz\u00e1m\u00edt, hanem az \u00f6sszet\u00e9tel!<\/p>","type":"rich"}